{"id":25,"date":"2020-11-08T19:34:33","date_gmt":"2020-11-08T18:34:33","guid":{"rendered":"https:\/\/www.monikatomulcova.com\/?page_id=25"},"modified":"2025-05-12T13:12:34","modified_gmt":"2025-05-12T11:12:34","slug":"o-nas","status":"publish","type":"page","link":"https:\/\/www.monikatomulcova.com\/en\/o-nas\/","title":{"rendered":"About"},"content":{"rendered":"<p>[et_pb_section fb_built=&#8220;1&#8243; _builder_version=&#8220;4.16&#8243; _module_preset=&#8220;default&#8220; custom_padding=&#8220;||3px|||&#8220; global_colors_info=&#8220;{}&#8220;][et_pb_row _builder_version=&#8220;4.16&#8243; _module_preset=&#8220;default&#8220; custom_margin=&#8220;|auto|-12px|auto||&#8220; custom_padding=&#8220;104px|||||&#8220; global_colors_info=&#8220;{}&#8220;][et_pb_column type=&#8220;4_4&#8243; _builder_version=&#8220;4.16&#8243; _module_preset=&#8220;default&#8220; global_colors_info=&#8220;{}&#8220;][et_pb_blurb _builder_version=&#8220;4.27.4&#8243; _module_preset=&#8220;default&#8220; body_text_color=&#8220;#070707&#8243; background_layout=&#8220;light&#8220; custom_margin=&#8220;|||-1px||&#8220; custom_padding=&#8220;||10px|||&#8220; global_colors_info=&#8220;{}&#8220;]<\/p>\n<p>Monika Tomulcov\u00e1 Studio je zna\u010dka \u0161perkov, ktor\u00e1 redefinuje tradi\u010dn\u00e9 remeslo prostredn\u00edctvom inovat\u00edvnych technol\u00f3gi\u00ed. S pou\u017eit\u00edm parametrick\u00e9ho modelovania pretv\u00e1rame fascinuj\u00face pr\u00edrodn\u00e9 formy a text\u00fary na jedine\u010dn\u00e9 \u0161perky. Na\u0161e n\u00e1vrhy vznikaj\u00fa v digit\u00e1lnom priestore, kde experimentujeme s komplexn\u00fdmi algoritmami, ktor\u00e9 n\u00e1m pom\u00e1haj\u00fa zhmot\u0148ova\u0165 chaos aj harm\u00f3niu v pr\u00edrode a umo\u017e\u0148uj\u00fa generova\u0165 komplexn\u00e9 a neopakovate\u013en\u00e9 formy. V kombin\u00e1cii s 3D tla\u010dou a ru\u010dnou v\u00fdrobou pos\u00favame hranice \u0161perk\u00e1rstva. Na\u0161a pr\u00e1ca je d\u00f4kazom, \u017ee pr\u00edroda a technol\u00f3gia m\u00f4\u017eu tvori\u0165 s\u00falad. Cel\u00fd proces od n\u00e1vrhu a\u017e po v\u00fdrobu sa odohr\u00e1va v mali\u010dkom \u0161t\u00fadiu na Orave.<\/p>\n<p>[\/et_pb_blurb][et_pb_text _builder_version=&#8220;4.27.3&#8243; _module_preset=&#8220;default&#8220; text_text_color=&#8220;#FFFFFF&#8220; text_font_size=&#8220;19px&#8220; text_letter_spacing=&#8220;3px&#8220; min_height=&#8220;44px&#8220; custom_margin=&#8220;-143px||57px|||&#8220; custom_padding=&#8220;7px||113px|||&#8220; filter_opacity=&#8220;25%&#8220; inline_fonts=&#8220;BioRhyme Expanded&#8220; global_colors_info=&#8220;{}&#8220;]<\/p>\n<p><span style=\"font-size: xx-large;\"><strong><span style=\"font-family: 'BioRhyme Expanded'; color: rgba(102, 102, 102, 0.97);\">O n\u00e1s<\/span><\/strong><\/span><\/p>\n<p>[\/et_pb_text][et_pb_blurb _builder_version=&#8220;4.16&#8243; _module_preset=&#8220;default&#8220; custom_margin=&#8220;-4px|||||&#8220; custom_padding=&#8220;||49px|||&#8220; inline_fonts=&#8220;BioRhyme Expanded&#8220; global_colors_info=&#8220;{}&#8220;]<\/p>\n<p><span color=\"#000000\" style=\"color: #000000;\">Pre na\u0161e \u0161t\u00fadio je ve\u013emi d\u00f4le\u017eit\u00e1 udr\u017eate\u013enos\u0165 v ka\u017edom \u0161t\u00e1diu tvorby. Mysl\u00edme si, \u017ee udr\u017eate\u013enos\u0165 by dnes mala by\u0165 pre ka\u017ed\u00fa nov\u00fa dizajn zna\u010dku z\u00e1kladom. Udr\u017eate\u013enos\u0165 v na\u0161om \u0161t\u00fadiu n\u00e1jdete najm\u00e4 pri pou\u017eit\u00fdch materi\u00e1loch, technol\u00f3gi\u00e1ch a balen\u00ed \u0161perkov. Vo\u013ebe materi\u00e1lov sa priklad\u00e1 osobitn\u00e1 pozornos\u0165. Pri v\u00fdrobe pou\u017e\u00edvame recyklovan\u00e9 striebro ktor\u00e9 si kupujeme vo forme gran\u00fal alebo t\u00fdm \u017ee sami recyklujeme star\u00e9 \u0161perky. N\u00e1\u0161 atelier funguje preva\u017ene zo sol\u00e1rnej energie.<\/span><\/p>\n<p>[\/et_pb_blurb][et_pb_text _builder_version=&#8220;4.25.1&#8243; _module_preset=&#8220;default&#8220; text_text_color=&#8220;#FFFFFF&#8220; text_font_size=&#8220;19px&#8220; text_letter_spacing=&#8220;3px&#8220; min_height=&#8220;44px&#8220; custom_margin=&#8220;-178px||57px|||&#8220; custom_padding=&#8220;47px||0px|||&#8220; filter_opacity=&#8220;25%&#8220; inline_fonts=&#8220;BioRhyme Expanded&#8220; global_colors_info=&#8220;{}&#8220;]<\/p>\n<p><span style=\"font-size: xx-large;\"><strong><span style=\"font-family: 'BioRhyme Expanded'; color: rgba(102, 102, 102, 0.97);\">Udr\u017eate\u013enos\u0165<\/span><\/strong><\/span><\/p>\n<p>[\/et_pb_text][et_pb_blurb _builder_version=&#8220;4.24.0&#8243; _module_preset=&#8220;default&#8220; custom_margin=&#8220;|||-3px||&#8220; custom_padding=&#8220;21px||5px|||&#8220; global_colors_info=&#8220;{}&#8220;]<\/p>\n<p><span style=\"background-color: #ffffff; color: #000000;\">2024 Art3um N\u00e1mestovo, samostatn\u00e1 v\u00fdstava kolekcie Iridescent<\/span><\/p>\n<p><span style=\"background-color: #ffffff; color: #000000;\">2023 Bratislava design week, kolekcia Samorast<br \/><\/span><\/p>\n<p><span style=\"background-color: #ffffff; color: #000000;\">2023 Milan Jewelry week<\/span><\/p>\n<p><span style=\"background-color: #ffffff; color: #000000;\">2023 N\u00e1rodn\u00e1 cena za dizan, kolekcia Lamellae, kolekcia Samorast<\/span><\/p>\n<p><span style=\"background-color: #ffffff; color: #000000;\">2023 Milan design week, kolekcia Samorast<\/span><\/p>\n<p><span style=\"color: #000000;\">2022 Bratislava Design week, kolekcia Lamellae<\/span><\/p>\n<p>&nbsp;<\/p>\n<p>&nbsp;<\/p>\n<p>[\/et_pb_blurb][et_pb_text _builder_version=&#8220;4.25.1&#8243; _module_preset=&#8220;default&#8220; text_text_color=&#8220;#FFFFFF&#8220; text_font_size=&#8220;19px&#8220; text_letter_spacing=&#8220;3px&#8220; min_height=&#8220;0px&#8220; custom_margin=&#8220;-176px|-22px|36px|0px|false|false&#8220; custom_padding=&#8220;0px|18px|0px|||&#8220; filter_opacity=&#8220;25%&#8220; inline_fonts=&#8220;BioRhyme Expanded&#8220; global_colors_info=&#8220;{}&#8220;]<\/p>\n<p><span style=\"font-size: xx-large;\"><strong><span style=\"font-family: 'BioRhyme Expanded'; color: rgba(102, 102, 102, 0.97);\">V\u00fdstavy<\/span><\/strong><\/span><\/p>\n<p>[\/et_pb_text][et_pb_blurb _builder_version=&#8220;4.27.4&#8243; _module_preset=&#8220;default&#8220; body_text_color=&#8220;#070707&#8243; background_layout=&#8220;light&#8220; custom_margin=&#8220;|||-3px||&#8220; custom_padding=&#8220;76px||0px|||&#8220; hover_enabled=&#8220;0&#8243; global_colors_info=&#8220;{}&#8220; sticky_enabled=&#8220;0&#8243;]<\/p>\n<p>Art3um N\u00e1mestovo<\/p>\n<p>Kur\u00e1\u017e Praha<\/p>\n<p>Hrst Liberec<\/p>\n<p>Plain Ko\u0161ice<\/p>\n<p>[\/et_pb_blurb][et_pb_text _builder_version=&#8220;4.27.3&#8243; _module_preset=&#8220;default&#8220; text_text_color=&#8220;#FFFFFF&#8220; text_font_size=&#8220;19px&#8220; text_letter_spacing=&#8220;3px&#8220; min_height=&#8220;0px&#8220; custom_margin=&#8220;-97px|-22px|36px|0px|false|false&#8220; custom_padding=&#8220;0px|18px|0px|||&#8220; filter_opacity=&#8220;25%&#8220; inline_fonts=&#8220;BioRhyme Expanded&#8220; global_colors_info=&#8220;{}&#8220;]<\/p>\n<p><span style=\"font-size: xx-large;\"><strong><span style=\"font-family: 'BioRhyme Expanded'; color: rgba(102, 102, 102, 0.97);\">Kde n\u00e1s n\u00e1jdete<\/span><\/strong><\/span><\/p>\n<p>[\/et_pb_text][\/et_pb_column][\/et_pb_row][et_pb_row _builder_version=&#8220;4.22.1&#8243; _module_preset=&#8220;default&#8220; custom_padding=&#8220;39px||59px|||&#8220; global_colors_info=&#8220;{}&#8220;][et_pb_column type=&#8220;4_4&#8243; _builder_version=&#8220;4.22.1&#8243; _module_preset=&#8220;default&#8220; global_colors_info=&#8220;{}&#8220;][et_pb_blurb image=&#8220;https:\/\/www.monikatomulcova.com\/wp-content\/uploads\/2024\/11\/Snimka-obrazovky-2024-11-23-224232.jpg&#8220; icon_placement=&#8220;left&#8220; image_icon_width=&#8220;151px&#8220; content_max_width=&#8220;651px&#8220; icon_placement_tablet=&#8220;left&#8220; icon_placement_phone=&#8220;top&#8220; icon_placement_last_edited=&#8220;on|phone&#8220; _builder_version=&#8220;4.27.3&#8243; _module_preset=&#8220;default&#8220; body_text_align=&#8220;left&#8220; module_alignment=&#8220;center&#8220; custom_margin=&#8220;19px||-5px||false|false&#8220; custom_padding=&#8220;158px|1px|24px|||&#8220; child_filter_saturate=&#8220;97%&#8220; image_max_width=&#8220;150px&#8220; global_colors_info=&#8220;{}&#8220;]<\/p>\n<p style=\"text-align: left;\"><span style=\"color: #000000; font-size: 12px;\">Monika Tomulcov\u00e1 sa za\u010dala naplno venova\u0165 v\u00fdrobe \u0161perku z kovu v roku 2020, po absolvovan\u00ed Letnej akad\u00e9mie \u0161perku v Bratislave. \u0160tudovala dizajn na Slovenskej technickej univerzite kde navrhovala \u0161perky a produkty zameran\u00e9 na psychol\u00f3giu a wellbeing \u010dloveka. Pre jej tvorbu je pr\u00edzna\u010dn\u00e1 snaha porozumie\u0165 hlb\u0161\u00edm vz\u0165ahov predmetov a experimentovanie s materi\u00e1lmi a technol\u00f3giami. V roku 2024 z\u00edskala form\u00e1lne vzdelanie v odbore zlatn\u00edk-klenotn\u00edk na S\u00fakromnej strednej umeleckopriemyselnej \u0161kole v Hodru\u0161i-H\u00e1mroch.<\/span><\/p>\n<p style=\"text-align: left;\">\n<p>[\/et_pb_blurb][\/et_pb_column][\/et_pb_row][\/et_pb_section]<\/p>\n","protected":false},"excerpt":{"rendered":"<p>Monika Tomulcov\u00e1 Studio je zna\u010dka \u0161perkov, ktor\u00e1 redefinuje tradi\u010dn\u00e9 remeslo prostredn\u00edctvom inovat\u00edvnych technol\u00f3gi\u00ed. S pou\u017eit\u00edm parametrick\u00e9ho modelovania pretv\u00e1rame fascinuj\u00face pr\u00edrodn\u00e9 formy a text\u00fary na jedine\u010dn\u00e9 \u0161perky. Na\u0161e n\u00e1vrhy vznikaj\u00fa v digit\u00e1lnom priestore, kde experimentujeme s komplexn\u00fdmi algoritmami, ktor\u00e9 n\u00e1m pom\u00e1haj\u00fa zhmot\u0148ova\u0165 chaos aj harm\u00f3niu v pr\u00edrode a umo\u017e\u0148uj\u00fa generova\u0165 komplexn\u00e9 a neopakovate\u013en\u00e9 formy. V kombin\u00e1cii [&hellip;]<\/p>\n","protected":false},"author":1,"featured_media":0,"parent":0,"menu_order":0,"comment_status":"closed","ping_status":"closed","template":"","meta":{"_et_pb_use_builder":"on","_et_pb_old_content":"","_et_gb_content_width":"","footnotes":""},"class_list":["post-25","page","type-page","status-publish","hentry"],"jetpack_sharing_enabled":true,"_links":{"self":[{"href":"https:\/\/www.monikatomulcova.com\/en\/wp-json\/wp\/v2\/pages\/25","targetHints":{"allow":["GET"]}}],"collection":[{"href":"https:\/\/www.monikatomulcova.com\/en\/wp-json\/wp\/v2\/pages"}],"about":[{"href":"https:\/\/www.monikatomulcova.com\/en\/wp-json\/wp\/v2\/types\/page"}],"author":[{"embeddable":true,"href":"https:\/\/www.monikatomulcova.com\/en\/wp-json\/wp\/v2\/users\/1"}],"replies":[{"embeddable":true,"href":"https:\/\/www.monikatomulcova.com\/en\/wp-json\/wp\/v2\/comments?post=25"}],"version-history":[{"count":6,"href":"https:\/\/www.monikatomulcova.com\/en\/wp-json\/wp\/v2\/pages\/25\/revisions"}],"predecessor-version":[{"id":16181,"href":"https:\/\/www.monikatomulcova.com\/en\/wp-json\/wp\/v2\/pages\/25\/revisions\/16181"}],"wp:attachment":[{"href":"https:\/\/www.monikatomulcova.com\/en\/wp-json\/wp\/v2\/media?parent=25"}],"curies":[{"name":"wp","href":"https:\/\/api.w.org\/{rel}","templated":true}]}}